{"id":161,"date":"2019-02-23T11:13:14","date_gmt":"2019-02-23T10:13:14","guid":{"rendered":"https:\/\/ferme-cacheterie.com\/cacheterie\/?post_type=product&#038;p=161"},"modified":"2022-05-26T13:06:31","modified_gmt":"2022-05-26T11:06:31","slug":"asperges-pointes-le-must","status":"publish","type":"product","link":"https:\/\/ferme-cacheterie.com\/cacheterie\/produit\/asperges-pointes-le-must\/","title":{"rendered":"Les asperges"},"content":{"rendered":"<p>Plusieurs cat\u00e9gories sont disponibles :<\/p>\n<figure id=\"attachment_483\" aria-describedby=\"caption-attachment-483\" style=\"width: 150px\" class=\"wp-caption alignleft\"><img decoding=\"async\" loading=\"lazy\" class=\"wp-image-483 size-thumbnail\" src=\"https:\/\/ferme-cacheterie.com\/cacheterie\/wp-content\/uploads\/2019\/02\/asperges_courtes-150x150.jpg\" alt=\"Les asperges courtes ferme de la cacheterie\" width=\"150\" height=\"150\" srcset=\"https:\/\/ferme-cacheterie.com\/cacheterie\/wp-content\/uploads\/2019\/02\/asperges_courtes-150x150.jpg 150w, https:\/\/ferme-cacheterie.com\/cacheterie\/wp-content\/uploads\/2019\/02\/asperges_courtes-300x300.jpg 300w, https:\/\/ferme-cacheterie.com\/cacheterie\/wp-content\/uploads\/2019\/02\/asperges_courtes-100x100.jpg 100w\" sizes=\"(max-width: 150px) 100vw, 150px\" \/><figcaption id=\"caption-attachment-483\" class=\"wp-caption-text\">Les asperges courtes<\/figcaption><\/figure>\n<p style=\"text-align: left;\"><strong>Asperges courtes<br \/>\n<\/strong>cultiv\u00e9es par nos soins, disponibles d&rsquo;avril \u00e0 juin<\/p>\n<p>&nbsp;<\/p>\n<p>&nbsp;<\/p>\n<div class=\"asperges\">\n<figure id=\"attachment_412\" aria-describedby=\"caption-attachment-412\" style=\"width: 150px\" class=\"wp-caption alignright\"><img decoding=\"async\" loading=\"lazy\" class=\"wp-image-412 size-thumbnail\" src=\"https:\/\/ferme-cacheterie.com\/cacheterie\/wp-content\/uploads\/2019\/02\/asperges_pointes-150x150.jpg\" alt=\"Les pointes d'asperges\" width=\"150\" height=\"150\" srcset=\"https:\/\/ferme-cacheterie.com\/cacheterie\/wp-content\/uploads\/2019\/02\/asperges_pointes-150x150.jpg 150w, https:\/\/ferme-cacheterie.com\/cacheterie\/wp-content\/uploads\/2019\/02\/asperges_pointes-510x510.jpg 510w, https:\/\/ferme-cacheterie.com\/cacheterie\/wp-content\/uploads\/2019\/02\/asperges_pointes-300x300.jpg 300w, https:\/\/ferme-cacheterie.com\/cacheterie\/wp-content\/uploads\/2019\/02\/asperges_pointes-100x100.jpg 100w\" sizes=\"(max-width: 150px) 100vw, 150px\" \/><figcaption id=\"caption-attachment-412\" class=\"wp-caption-text\">Les pointes d&rsquo;asperges<\/figcaption><\/figure>\n<p style=\"text-align: right;\"><strong>Pointes d&rsquo;asperges<\/strong>, selon disponibilit\u00e9,<br \/>\nLa plus tendre, recherch\u00e9e par les gastronomes.<\/p>\n<\/div>\n<div class=\"asperges\">\n<figure id=\"attachment_410\" aria-describedby=\"caption-attachment-410\" style=\"width: 150px\" class=\"wp-caption alignleft\"><img decoding=\"async\" loading=\"lazy\" class=\"wp-image-410 size-thumbnail\" src=\"https:\/\/ferme-cacheterie.com\/cacheterie\/wp-content\/uploads\/2019\/02\/asperges_grosses-150x150.jpg\" alt=\"Les grosses asperges\" width=\"150\" height=\"150\" srcset=\"https:\/\/ferme-cacheterie.com\/cacheterie\/wp-content\/uploads\/2019\/02\/asperges_grosses-150x150.jpg 150w, https:\/\/ferme-cacheterie.com\/cacheterie\/wp-content\/uploads\/2019\/02\/asperges_grosses-510x510.jpg 510w, https:\/\/ferme-cacheterie.com\/cacheterie\/wp-content\/uploads\/2019\/02\/asperges_grosses-300x300.jpg 300w, https:\/\/ferme-cacheterie.com\/cacheterie\/wp-content\/uploads\/2019\/02\/asperges_grosses-100x100.jpg 100w\" sizes=\"(max-width: 150px) 100vw, 150px\" \/><figcaption id=\"caption-attachment-410\" class=\"wp-caption-text\">Les grosses asperges<\/figcaption><\/figure>\n<p style=\"text-align: left;\"><strong>Asperges grosses<\/strong>, <strong>\u00ab\u00a0l&rsquo;asperge des Gourmets\u00a0\u00bb<\/strong> calibre sup\u00e9rieur \u00e0 22mm<br \/>\nLa plus rapide \u00e0 \u00e9plucher, \u00e0 d\u00e9guster en hors d&rsquo;oeuvre.<\/p>\n<p>&nbsp;<\/p>\n<\/div>\n<div class=\"asperges\">\n<figure id=\"attachment_411\" aria-describedby=\"caption-attachment-411\" style=\"width: 150px\" class=\"wp-caption alignright\"><img decoding=\"async\" loading=\"lazy\" class=\"wp-image-411 size-thumbnail\" src=\"https:\/\/ferme-cacheterie.com\/cacheterie\/wp-content\/uploads\/2019\/02\/asperges_moyennes-150x150.jpg\" alt=\"Les asperges moyennes\" width=\"150\" height=\"150\" srcset=\"https:\/\/ferme-cacheterie.com\/cacheterie\/wp-content\/uploads\/2019\/02\/asperges_moyennes-150x150.jpg 150w, https:\/\/ferme-cacheterie.com\/cacheterie\/wp-content\/uploads\/2019\/02\/asperges_moyennes-510x510.jpg 510w, https:\/\/ferme-cacheterie.com\/cacheterie\/wp-content\/uploads\/2019\/02\/asperges_moyennes-300x300.jpg 300w, https:\/\/ferme-cacheterie.com\/cacheterie\/wp-content\/uploads\/2019\/02\/asperges_moyennes-100x100.jpg 100w\" sizes=\"(max-width: 150px) 100vw, 150px\" \/><figcaption id=\"caption-attachment-411\" class=\"wp-caption-text\">Les asperges moyennes<\/figcaption><\/figure>\n<p style=\"text-align: right;\"><strong>Asperges moyennes<\/strong>, calibre compris entre 16 et 22mm<br \/>\n\u00e0 servir en hors-d\u2019oeuvre, l\u00e9gume d\u2019accompagnement<\/p>\n<\/div>\n<div class=\"asperges\">\n<figure id=\"attachment_409\" aria-describedby=\"caption-attachment-409\" style=\"width: 150px\" class=\"wp-caption alignleft\"><img decoding=\"async\" loading=\"lazy\" class=\"wp-image-409 size-thumbnail\" src=\"https:\/\/ferme-cacheterie.com\/cacheterie\/wp-content\/uploads\/2019\/02\/asperges_fines-150x150.jpg\" alt=\"Les asperges fines\" width=\"150\" height=\"150\" srcset=\"https:\/\/ferme-cacheterie.com\/cacheterie\/wp-content\/uploads\/2019\/02\/asperges_fines-150x150.jpg 150w, https:\/\/ferme-cacheterie.com\/cacheterie\/wp-content\/uploads\/2019\/02\/asperges_fines-510x510.jpg 510w, https:\/\/ferme-cacheterie.com\/cacheterie\/wp-content\/uploads\/2019\/02\/asperges_fines-300x300.jpg 300w, https:\/\/ferme-cacheterie.com\/cacheterie\/wp-content\/uploads\/2019\/02\/asperges_fines-100x100.jpg 100w\" sizes=\"(max-width: 150px) 100vw, 150px\" \/><figcaption id=\"caption-attachment-409\" class=\"wp-caption-text\">Les asperges fines<\/figcaption><\/figure>\n<p style=\"text-align: left;\"><strong>Asperges fines<\/strong> calibre 12-16 mm.<br \/>\nSe cuisine en salade, omelette, souffl\u00e9 ou velout\u00e9, id\u00e9ale en l\u00e9gume d&rsquo;accompagnement.<\/p>\n<\/div>\n<p>&nbsp;<\/p>\n<div class=\"asperges\" style=\"text-align: right;\"><strong>Asperges 2nd choix<\/strong>, fleuries, creuses, doubles ou courb\u00e9es.<br \/>\nId\u00e9ales en velout\u00e9<\/div>\n<div><\/div>\n<div><\/div>\n<p>Nos asperges sont cultiv\u00e9es en plein champ sans contact avec les produits de traitement. Blanches et vertes, elles sont class\u00e9es en diff\u00e9rentes cat\u00e9gories selon le calibre : pointes, grosses, moyennes. Nous proposons nos asperges aux particuliers et aux professionnels en gros, demi-gros, en bottes et en vrac.<\/p>\n<p>Il arrive parfois que M\u00e8re Nature cr\u00e9e des asperges creuses, doubles ou courb\u00e9es. Toutes ces originalit\u00e9s ne permettent pas de classer ces asperges dans les cat\u00e9gories standards, elles sont toutefois aussi bonnes \u00e0 consommer en velout\u00e9.<\/p>\n<p>Les asperges sont en vente \u00e0 la ferme tous les jours\u00a0<span style=\"font-size: 15.04px;\">pendant la saison d&rsquo;avril \u00e0 juin, de 9h30 \u00e0 12h et de 14h \u00e0 18h30, sauf <\/span><span style=\"font-size: 0.94em;\">les dimanches et les jours f\u00e9ri\u00e9s uniquement le matin,\u00a0 Disponibles selon les quantit\u00e9s, vous pouvez les retrouver sur les march\u00e9s locaux pendant cette p\u00e9riode.<\/span><\/p>\n<h2>L&rsquo;aspergeraie<\/h2>\n<p><img decoding=\"async\" loading=\"lazy\" class=\"wp-image-203 aligncenter\" src=\"https:\/\/ferme-cacheterie.com\/cacheterie\/wp-content\/uploads\/2019\/02\/champ-asperges.jpg\" alt=\"\" width=\"607\" height=\"455\" srcset=\"https:\/\/ferme-cacheterie.com\/cacheterie\/wp-content\/uploads\/2019\/02\/champ-asperges.jpg 960w, https:\/\/ferme-cacheterie.com\/cacheterie\/wp-content\/uploads\/2019\/02\/champ-asperges-300x225.jpg 300w, https:\/\/ferme-cacheterie.com\/cacheterie\/wp-content\/uploads\/2019\/02\/champ-asperges-768x576.jpg 768w, https:\/\/ferme-cacheterie.com\/cacheterie\/wp-content\/uploads\/2019\/02\/champ-asperges-600x450.jpg 600w\" sizes=\"(max-width: 607px) 100vw, 607px\" \/><\/p>\n<h2>La r\u00e9colte des asperges<\/h2>\n<p>&nbsp;<\/p>\n<p>&nbsp;<\/p>\n<p><img decoding=\"async\" loading=\"lazy\" class=\" wp-image-204 aligncenter\" src=\"https:\/\/ferme-cacheterie.com\/cacheterie\/wp-content\/uploads\/2019\/02\/IMG_4970-1024x683.jpeg\" alt=\"\" width=\"612\" height=\"411\" \/><\/p>\n<h2>La r\u00e9colte des asperges<\/h2>\n<p><img decoding=\"async\" loading=\"lazy\" class=\"wp-image-207 aligncenter\" src=\"https:\/\/ferme-cacheterie.com\/cacheterie\/wp-content\/uploads\/2019\/02\/r\u00e9colte2.jpg\" alt=\"\" width=\"615\" height=\"461\" srcset=\"https:\/\/ferme-cacheterie.com\/cacheterie\/wp-content\/uploads\/2019\/02\/r\u00e9colte2.jpg 960w, https:\/\/ferme-cacheterie.com\/cacheterie\/wp-content\/uploads\/2019\/02\/r\u00e9colte2-300x225.jpg 300w, https:\/\/ferme-cacheterie.com\/cacheterie\/wp-content\/uploads\/2019\/02\/r\u00e9colte2-768x576.jpg 768w, https:\/\/ferme-cacheterie.com\/cacheterie\/wp-content\/uploads\/2019\/02\/r\u00e9colte2-600x450.jpg 600w\" sizes=\"(max-width: 615px) 100vw, 615px\" \/><\/p>\n","protected":false},"excerpt":{"rendered":"<p><em>Tarif au kilo selon cat\u00e9gorie et quantit\u00e9<\/em><\/p>\n<p>Plusieurs cat\u00e9gories sont disponibles<em> (voir descriptif en bas de page)<\/em> :<\/p>\n<ul>\n<li><strong>Asperges courtes<\/strong><\/li>\n<li><strong>Pointes d&rsquo;asperges<\/strong><\/li>\n<li><strong>Asperges grosses<\/strong>, calibre sup\u00e9rieur \u00e0 22mm<\/li>\n<li><strong>Asperges moyennes<\/strong>, calibre compris entre 16 et 22mm<\/li>\n<li><strong>Asperges fines<\/strong> calibre 12-16 mm<\/li>\n<li><strong>Asperges 2nd choix<\/strong><\/li>\n<\/ul>\n<p><strong>Pas de r\u00e9servation en ligne<\/strong>, vous pourrez acheter des asperges \u00e0 la ferme pendant la saison : d&rsquo;avril \u00e0 juin.<\/p>\n","protected":false},"featured_media":106,"template":"","meta":{"_seopress_robots_primary_cat":"none"},"product_cat":[20],"product_tag":[36,64,66,67,37,63,65,40,39,38],"_links":{"self":[{"href":"https:\/\/ferme-cacheterie.com\/cacheterie\/wp-json\/wp\/v2\/product\/161"}],"collection":[{"href":"https:\/\/ferme-cacheterie.com\/cacheterie\/wp-json\/wp\/v2\/product"}],"about":[{"href":"https:\/\/ferme-cacheterie.com\/cacheterie\/wp-json\/wp\/v2\/types\/product"}],"wp:featuredmedia":[{"embeddable":true,"href":"https:\/\/ferme-cacheterie.com\/cacheterie\/wp-json\/wp\/v2\/media\/106"}],"wp:attachment":[{"href":"https:\/\/ferme-cacheterie.com\/cacheterie\/wp-json\/wp\/v2\/media?parent=161"}],"wp:term":[{"taxonomy":"product_cat","embeddable":true,"href":"https:\/\/ferme-cacheterie.com\/cacheterie\/wp-json\/wp\/v2\/product_cat?post=161"},{"taxonomy":"product_tag","embeddable":true,"href":"https:\/\/ferme-cacheterie.com\/cacheterie\/wp-json\/wp\/v2\/product_tag?post=161"}],"curies":[{"name":"wp","href":"https:\/\/api.w.org\/{rel}","templated":true}]}}